{"id":2831,"date":"2020-03-31T16:54:32","date_gmt":"2020-03-31T14:54:32","guid":{"rendered":"http:\/\/maler-marbella.com\/dekorieren\/"},"modified":"2026-02-05T16:48:18","modified_gmt":"2026-02-05T15:48:18","slug":"diseno","status":"publish","type":"page","link":"https:\/\/maler-marbella.com\/es\/diseno\/","title":{"rendered":"Dise\u00f1o"},"content":{"rendered":"\t\t<div data-elementor-type=\"wp-post\" data-elementor-id=\"2831\" class=\"elementor elementor-2831 elementor-2326\" data-elementor-post-type=\"page\">\n\t\t\t\t\t\t<section class=\"elementor-section elementor-top-section elementor-element elementor-element-xlhuidg elementor-section-boxed elementor-section-height-default elementor-section-height-default\" data-id=\"xlhuidg\" data-element_type=\"section\" data-settings=\"{&quot;background_background&quot;:&quot;classic&quot;}\">\n\t\t\t\t\t\t\t<div class=\"elementor-background-overlay\"><\/div>\n\t\t\t\t\t\t\t<div class=\"elementor-container elementor-column-gap-default\">\n\t\t\t\t\t<div class=\"elementor-column elementor-col-100 elementor-top-column elementor-element elementor-element-rloageo\" data-id=\"rloageo\" data-element_type=\"column\">\n\t\t\t<div class=\"elementor-widget-wrap elementor-element-populated\">\n\t\t\t\t\t\t<div class=\"elementor-element elementor-element-tmrbwch elementor-widget elementor-widget-spacer\" data-id=\"tmrbwch\" data-element_type=\"widget\" data-widget_type=\"spacer.default\">\n\t\t\t\t<div class=\"elementor-widget-container\">\n\t\t\t\t\t<div class=\"elementor-spacer\">\n\t\t\t<div class=\"elementor-spacer-inner\"><\/div>\n\t\t<\/div>\n\t\t\t\t<\/div>\n\t\t\t\t<\/div>\n\t\t\t\t<div class=\"elementor-element elementor-element-sgacmzy elementor-invisible elementor-widget elementor-widget-heading\" data-id=\"sgacmzy\" data-element_type=\"widget\" data-settings=\"{&quot;_animation&quot;:&quot;slideInDown&quot;}\" data-widget_type=\"heading.default\">\n\t\t\t\t<div class=\"elementor-widget-container\">\n\t\t\t<h1 class=\"elementor-heading-title elementor-size-default\">Dise\u00f1o<\/h1>\t\t<\/div>\n\t\t\t\t<\/div>\n\t\t\t\t<div class=\"elementor-element elementor-element-rsbvham elementor-widget elementor-widget-spacer\" data-id=\"rsbvham\" data-element_type=\"widget\" data-widget_type=\"spacer.default\">\n\t\t\t\t<div class=\"elementor-widget-container\">\n\t\t\t\t\t<div class=\"elementor-spacer\">\n\t\t\t<div class=\"elementor-spacer-inner\"><\/div>\n\t\t<\/div>\n\t\t\t\t<\/div>\n\t\t\t\t<\/div>\n\t\t\t\t\t<\/div>\n\t\t<\/div>\n\t\t\t\t\t<\/div>\n\t\t<\/section>\n\t\t\t\t<section class=\"elementor-section elementor-top-section elementor-element elementor-element-0ce2064 elementor-section-boxed elementor-section-height-default elementor-section-height-default\" data-id=\"0ce2064\" data-element_type=\"section\">\n\t\t\t\t\t\t<div class=\"elementor-container elementor-column-gap-default\">\n\t\t\t\t\t<div class=\"elementor-column elementor-col-100 elementor-top-column elementor-element elementor-element-5b099c1\" data-id=\"5b099c1\" data-element_type=\"column\">\n\t\t\t<div class=\"elementor-widget-wrap elementor-element-populated\">\n\t\t\t\t\t\t<div class=\"elementor-element elementor-element-a63a5d5 elementor-widget elementor-widget-text-editor\" data-id=\"a63a5d5\" data-element_type=\"widget\" data-widget_type=\"text-editor.default\">\n\t\t\t\t<div class=\"elementor-widget-container\">\n\t\t\t\t\t\t\t<h2><strong>Nuestros servicios en dise\u00f1o decorativo<br \/><\/strong><\/h2><p>\u00bfQu\u00e9 ser\u00eda una habitaci\u00f3n sin matices personales, sin una atm\u00f3sfera \u00fanica, sin expresi\u00f3n subjetiva? Un alojamiento l\u00fagubre. Pero un hogar vivo tiene m\u00e1s: detalles amorosos, carisma sensual, atm\u00f3sfera individual. Ya lo sabes: La apariencia de una habitaci\u00f3n determina la actitud hacia la vida. Y es simplemente divertido dar forma a tu propio espacio vital.<\/p><p>El efecto de una habitaci\u00f3n puede ser dise\u00f1ado conscientemente por la elecci\u00f3n de los colores de las paredes y la forma en que se utiliza la iluminaci\u00f3n.\u00a0 Al igual que los colores, la luz natural y artificial tiene una gran influencia en el bienestar general y el estado de \u00e1nimo de las personas. Con t\u00e9cnicas tradicionales, nuevas interpretaciones y materiales de alta calidad, nosotros, como especialistas, defendemos habitaciones hermosas, sanas y de valor duradero, de dise\u00f1o exclusivo y de perfecta ejecuci\u00f3n.<\/p>\t\t\t\t\t\t<\/div>\n\t\t\t\t<\/div>\n\t\t\t\t<div class=\"elementor-element elementor-element-e143d58 elementor-widget elementor-widget-image-gallery\" data-id=\"e143d58\" data-element_type=\"widget\" data-widget_type=\"image-gallery.default\">\n\t\t\t\t<div class=\"elementor-widget-container\">\n\t\t\t\t\t<div class=\"elementor-image-gallery\">\n\t\t\t<div id='gallery-1' class='gallery galleryid-2831 gallery-columns-4 gallery-size-thumbnail'><figure class='gallery-item'>\n\t\t\t<div class='gallery-icon portrait'>\n\t\t\t\t<a data-elementor-open-lightbox=\"yes\" data-elementor-lightbox-slideshow=\"e143d58\" data-elementor-lightbox-title=\"Dekorieren Marbella\" data-e-action-hash=\"#elementor-action%3Aaction%3Dlightbox%26settings%3DeyJpZCI6MjcyMiwidXJsIjoiaHR0cHM6XC9cL21hbGVyLW1hcmJlbGxhLmNvbVwvd3AtY29udGVudFwvdXBsb2Fkc1wvMjAyMFwvMDRcL2Rla29yaWVyZW4tbWFyYmVsbGEtMDQuanBnIiwic2xpZGVzaG93IjoiZTE0M2Q1OCJ9\" href='https:\/\/maler-marbella.com\/wp-content\/uploads\/2020\/04\/dekorieren-marbella-04.jpg'><img width=\"150\" height=\"150\" src=\"https:\/\/maler-marbella.com\/wp-content\/uploads\/2020\/04\/dekorieren-marbella-04-150x150.jpg\" class=\"attachment-thumbnail size-thumbnail\" alt=\"\" decoding=\"async\" title=\"\"><\/a>\n\t\t\t<\/div><\/figure><figure class='gallery-item'>\n\t\t\t<div class='gallery-icon landscape'>\n\t\t\t\t<a data-elementor-open-lightbox=\"yes\" data-elementor-lightbox-slideshow=\"e143d58\" data-elementor-lightbox-title=\"Dekorieren Marbella\" data-e-action-hash=\"#elementor-action%3Aaction%3Dlightbox%26settings%3DeyJpZCI6MjcxNiwidXJsIjoiaHR0cHM6XC9cL21hbGVyLW1hcmJlbGxhLmNvbVwvd3AtY29udGVudFwvdXBsb2Fkc1wvMjAyMFwvMDRcL2Rla29yaWVyZW4tbWFyYmVsbGEtMDEuanBnIiwic2xpZGVzaG93IjoiZTE0M2Q1OCJ9\" href='https:\/\/maler-marbella.com\/wp-content\/uploads\/2020\/04\/dekorieren-marbella-01.jpg'><img width=\"150\" height=\"150\" src=\"https:\/\/maler-marbella.com\/wp-content\/uploads\/2020\/04\/dekorieren-marbella-01-150x150.jpg\" class=\"attachment-thumbnail size-thumbnail\" alt=\"\" decoding=\"async\" title=\"\"><\/a>\n\t\t\t<\/div><\/figure><figure class='gallery-item'>\n\t\t\t<div class='gallery-icon landscape'>\n\t\t\t\t<a data-elementor-open-lightbox=\"yes\" data-elementor-lightbox-slideshow=\"e143d58\" data-elementor-lightbox-title=\"decoracion-marbella-2022 (1)\" data-e-action-hash=\"#elementor-action%3Aaction%3Dlightbox%26settings%3DeyJpZCI6MzMyMiwidXJsIjoiaHR0cHM6XC9cL21hbGVyLW1hcmJlbGxhLmNvbVwvd3AtY29udGVudFwvdXBsb2Fkc1wvMjAyMlwvMDZcL2RlY29yYWNpb24tbWFyYmVsbGEtMjAyMi0xLnBuZyIsInNsaWRlc2hvdyI6ImUxNDNkNTgifQ%3D%3D\" href='https:\/\/maler-marbella.com\/wp-content\/uploads\/2022\/06\/decoracion-marbella-2022-1.png'><img width=\"150\" height=\"150\" src=\"https:\/\/maler-marbella.com\/wp-content\/uploads\/2022\/06\/decoracion-marbella-2022-1-150x150.png\" class=\"attachment-thumbnail size-thumbnail\" alt=\"Dise\u00f1o Marbella\" decoding=\"async\" srcset=\"https:\/\/maler-marbella.com\/wp-content\/uploads\/2022\/06\/decoracion-marbella-2022-1-150x150.png 150w, https:\/\/maler-marbella.com\/wp-content\/uploads\/2022\/06\/decoracion-marbella-2022-1-300x300.png 300w, https:\/\/maler-marbella.com\/wp-content\/uploads\/2022\/06\/decoracion-marbella-2022-1.png 600w\" sizes=\"(max-width: 150px) 100vw, 150px\" title=\"\"><\/a>\n\t\t\t<\/div><\/figure><figure class='gallery-item'>\n\t\t\t<div class='gallery-icon portrait'>\n\t\t\t\t<a data-elementor-open-lightbox=\"yes\" data-elementor-lightbox-slideshow=\"e143d58\" data-elementor-lightbox-title=\"Dekorieren Marbella\" data-e-action-hash=\"#elementor-action%3Aaction%3Dlightbox%26settings%3DeyJpZCI6MjczNCwidXJsIjoiaHR0cHM6XC9cL21hbGVyLW1hcmJlbGxhLmNvbVwvd3AtY29udGVudFwvdXBsb2Fkc1wvMjAyMFwvMDRcL2Rla29yaWVyZW4tbWFyYmVsbGEtMTAuanBnIiwic2xpZGVzaG93IjoiZTE0M2Q1OCJ9\" href='https:\/\/maler-marbella.com\/wp-content\/uploads\/2020\/04\/dekorieren-marbella-10.jpg'><img loading=\"lazy\" width=\"150\" height=\"150\" src=\"https:\/\/maler-marbella.com\/wp-content\/uploads\/2020\/04\/dekorieren-marbella-10-150x150.jpg\" class=\"attachment-thumbnail size-thumbnail\" alt=\"\" decoding=\"async\" title=\"\"><\/a>\n\t\t\t<\/div><\/figure><figure class='gallery-item'>\n\t\t\t<div class='gallery-icon landscape'>\n\t\t\t\t<a data-elementor-open-lightbox=\"yes\" data-elementor-lightbox-slideshow=\"e143d58\" data-elementor-lightbox-title=\"278752718_526233065755063_5480379215212127213_n\" data-e-action-hash=\"#elementor-action%3Aaction%3Dlightbox%26settings%3DeyJpZCI6MzMxNiwidXJsIjoiaHR0cHM6XC9cL21hbGVyLW1hcmJlbGxhLmNvbVwvd3AtY29udGVudFwvdXBsb2Fkc1wvMjAyMlwvMDZcLzI3ODc1MjcxOF81MjYyMzMwNjU3NTUwNjNfNTQ4MDM3OTIxNTIxMjEyNzIxM19uLmpwZyIsInNsaWRlc2hvdyI6ImUxNDNkNTgifQ%3D%3D\" href='https:\/\/maler-marbella.com\/wp-content\/uploads\/2022\/06\/278752718_526233065755063_5480379215212127213_n.jpg'><img loading=\"lazy\" width=\"150\" height=\"150\" src=\"https:\/\/maler-marbella.com\/wp-content\/uploads\/2022\/06\/278752718_526233065755063_5480379215212127213_n-150x150.jpg\" class=\"attachment-thumbnail size-thumbnail\" alt=\"Dise\u00f1o Marbella\" decoding=\"async\" srcset=\"https:\/\/maler-marbella.com\/wp-content\/uploads\/2022\/06\/278752718_526233065755063_5480379215212127213_n-150x150.jpg 150w, https:\/\/maler-marbella.com\/wp-content\/uploads\/2022\/06\/278752718_526233065755063_5480379215212127213_n-300x300.jpg 300w, https:\/\/maler-marbella.com\/wp-content\/uploads\/2022\/06\/278752718_526233065755063_5480379215212127213_n-1024x1024.jpg 1024w, https:\/\/maler-marbella.com\/wp-content\/uploads\/2022\/06\/278752718_526233065755063_5480379215212127213_n-768x768.jpg 768w, https:\/\/maler-marbella.com\/wp-content\/uploads\/2022\/06\/278752718_526233065755063_5480379215212127213_n.jpg 1488w\" sizes=\"(max-width: 150px) 100vw, 150px\" title=\"\"><\/a>\n\t\t\t<\/div><\/figure><figure class='gallery-item'>\n\t\t\t<div class='gallery-icon landscape'>\n\t\t\t\t<a data-elementor-open-lightbox=\"yes\" data-elementor-lightbox-slideshow=\"e143d58\" data-elementor-lightbox-title=\"Dekorieren Marbella\" data-e-action-hash=\"#elementor-action%3Aaction%3Dlightbox%26settings%3DeyJpZCI6MjcyNiwidXJsIjoiaHR0cHM6XC9cL21hbGVyLW1hcmJlbGxhLmNvbVwvd3AtY29udGVudFwvdXBsb2Fkc1wvMjAyMFwvMDRcL2Rla29yaWVyZW4tbWFyYmVsbGEtMDYuanBnIiwic2xpZGVzaG93IjoiZTE0M2Q1OCJ9\" href='https:\/\/maler-marbella.com\/wp-content\/uploads\/2020\/04\/dekorieren-marbella-06.jpg'><img loading=\"lazy\" width=\"150\" height=\"150\" src=\"https:\/\/maler-marbella.com\/wp-content\/uploads\/2020\/04\/dekorieren-marbella-06-150x150.jpg\" class=\"attachment-thumbnail size-thumbnail\" alt=\"\" decoding=\"async\" title=\"\"><\/a>\n\t\t\t<\/div><\/figure><figure class='gallery-item'>\n\t\t\t<div class='gallery-icon portrait'>\n\t\t\t\t<a data-elementor-open-lightbox=\"yes\" data-elementor-lightbox-slideshow=\"e143d58\" data-elementor-lightbox-title=\"decoracion-marbella-2022 (2)\" data-e-action-hash=\"#elementor-action%3Aaction%3Dlightbox%26settings%3DeyJpZCI6MzMyNSwidXJsIjoiaHR0cHM6XC9cL21hbGVyLW1hcmJlbGxhLmNvbVwvd3AtY29udGVudFwvdXBsb2Fkc1wvMjAyMlwvMDZcL2RlY29yYWNpb24tbWFyYmVsbGEtMjAyMi0yLmpwZyIsInNsaWRlc2hvdyI6ImUxNDNkNTgifQ%3D%3D\" href='https:\/\/maler-marbella.com\/wp-content\/uploads\/2022\/06\/decoracion-marbella-2022-2.jpg'><img loading=\"lazy\" width=\"150\" height=\"150\" src=\"https:\/\/maler-marbella.com\/wp-content\/uploads\/2022\/06\/decoracion-marbella-2022-2-150x150.jpg\" class=\"attachment-thumbnail size-thumbnail\" alt=\"Dise\u00f1o Marbella\" decoding=\"async\" title=\"\"><\/a>\n\t\t\t<\/div><\/figure><figure class='gallery-item'>\n\t\t\t<div class='gallery-icon landscape'>\n\t\t\t\t<a data-elementor-open-lightbox=\"yes\" data-elementor-lightbox-slideshow=\"e143d58\" data-elementor-lightbox-title=\"Dekorieren Marbella\" data-e-action-hash=\"#elementor-action%3Aaction%3Dlightbox%26settings%3DeyJpZCI6MjcyMCwidXJsIjoiaHR0cHM6XC9cL21hbGVyLW1hcmJlbGxhLmNvbVwvd3AtY29udGVudFwvdXBsb2Fkc1wvMjAyMFwvMDRcL2Rla29yaWVyZW4tbWFyYmVsbGEtMDMuanBnIiwic2xpZGVzaG93IjoiZTE0M2Q1OCJ9\" href='https:\/\/maler-marbella.com\/wp-content\/uploads\/2020\/04\/dekorieren-marbella-03.jpg'><img loading=\"lazy\" width=\"150\" height=\"150\" src=\"https:\/\/maler-marbella.com\/wp-content\/uploads\/2020\/04\/dekorieren-marbella-03-150x150.jpg\" class=\"attachment-thumbnail size-thumbnail\" alt=\"\" decoding=\"async\" title=\"\"><\/a>\n\t\t\t<\/div><\/figure><figure class='gallery-item'>\n\t\t\t<div class='gallery-icon landscape'>\n\t\t\t\t<a data-elementor-open-lightbox=\"yes\" data-elementor-lightbox-slideshow=\"e143d58\" data-elementor-lightbox-title=\"Dekorieren Marbella\" data-e-action-hash=\"#elementor-action%3Aaction%3Dlightbox%26settings%3DeyJpZCI6MjczMCwidXJsIjoiaHR0cHM6XC9cL21hbGVyLW1hcmJlbGxhLmNvbVwvd3AtY29udGVudFwvdXBsb2Fkc1wvMjAyMFwvMDRcL2Rla29yaWVyZW4tbWFyYmVsbGEtMDguanBnIiwic2xpZGVzaG93IjoiZTE0M2Q1OCJ9\" href='https:\/\/maler-marbella.com\/wp-content\/uploads\/2020\/04\/dekorieren-marbella-08.jpg'><img loading=\"lazy\" width=\"150\" height=\"150\" src=\"https:\/\/maler-marbella.com\/wp-content\/uploads\/2020\/04\/dekorieren-marbella-08-150x150.jpg\" class=\"attachment-thumbnail size-thumbnail\" alt=\"\" decoding=\"async\" title=\"\"><\/a>\n\t\t\t<\/div><\/figure><figure class='gallery-item'>\n\t\t\t<div class='gallery-icon portrait'>\n\t\t\t\t<a data-elementor-open-lightbox=\"yes\" data-elementor-lightbox-slideshow=\"e143d58\" data-elementor-lightbox-title=\"Dekorieren Marbella\" data-e-action-hash=\"#elementor-action%3Aaction%3Dlightbox%26settings%3DeyJpZCI6MjcyOCwidXJsIjoiaHR0cHM6XC9cL21hbGVyLW1hcmJlbGxhLmNvbVwvd3AtY29udGVudFwvdXBsb2Fkc1wvMjAyMFwvMDRcL2Rla29yaWVyZW4tbWFyYmVsbGEtMDcuanBnIiwic2xpZGVzaG93IjoiZTE0M2Q1OCJ9\" href='https:\/\/maler-marbella.com\/wp-content\/uploads\/2020\/04\/dekorieren-marbella-07.jpg'><img loading=\"lazy\" width=\"150\" height=\"150\" src=\"https:\/\/maler-marbella.com\/wp-content\/uploads\/2020\/04\/dekorieren-marbella-07-150x150.jpg\" class=\"attachment-thumbnail size-thumbnail\" alt=\"\" decoding=\"async\" title=\"\"><\/a>\n\t\t\t<\/div><\/figure><figure class='gallery-item'>\n\t\t\t<div class='gallery-icon landscape'>\n\t\t\t\t<a data-elementor-open-lightbox=\"yes\" data-elementor-lightbox-slideshow=\"e143d58\" data-elementor-lightbox-title=\"Dekorieren Marbella\" data-e-action-hash=\"#elementor-action%3Aaction%3Dlightbox%26settings%3DeyJpZCI6MjcxOCwidXJsIjoiaHR0cHM6XC9cL21hbGVyLW1hcmJlbGxhLmNvbVwvd3AtY29udGVudFwvdXBsb2Fkc1wvMjAyMFwvMDRcL2Rla29yaWVyZW4tbWFyYmVsbGEtMDIuanBnIiwic2xpZGVzaG93IjoiZTE0M2Q1OCJ9\" data-elementor-lightbox-description=\"Dekorieren Marbella\" href='https:\/\/maler-marbella.com\/wp-content\/uploads\/2020\/04\/dekorieren-marbella-02.jpg'><img loading=\"lazy\" width=\"150\" height=\"150\" src=\"https:\/\/maler-marbella.com\/wp-content\/uploads\/2020\/04\/dekorieren-marbella-02-150x150.jpg\" class=\"attachment-thumbnail size-thumbnail\" alt=\"\" decoding=\"async\" title=\"\"><\/a>\n\t\t\t<\/div><\/figure><figure class='gallery-item'>\n\t\t\t<div class='gallery-icon portrait'>\n\t\t\t\t<a data-elementor-open-lightbox=\"yes\" data-elementor-lightbox-slideshow=\"e143d58\" data-elementor-lightbox-title=\"282563436_544560370588999_4005642807492704749_n\" data-e-action-hash=\"#elementor-action%3Aaction%3Dlightbox%26settings%3DeyJpZCI6MzMxOSwidXJsIjoiaHR0cHM6XC9cL21hbGVyLW1hcmJlbGxhLmNvbVwvd3AtY29udGVudFwvdXBsb2Fkc1wvMjAyMlwvMDZcLzI4MjU2MzQzNl81NDQ1NjAzNzA1ODg5OTlfNDAwNTY0MjgwNzQ5MjcwNDc0OV9uLmpwZyIsInNsaWRlc2hvdyI6ImUxNDNkNTgifQ%3D%3D\" data-elementor-lightbox-description=\"Dekorieren Marbella\" href='https:\/\/maler-marbella.com\/wp-content\/uploads\/2022\/06\/282563436_544560370588999_4005642807492704749_n.jpg'><img loading=\"lazy\" width=\"150\" height=\"150\" src=\"https:\/\/maler-marbella.com\/wp-content\/uploads\/2022\/06\/282563436_544560370588999_4005642807492704749_n-150x150.jpg\" class=\"attachment-thumbnail size-thumbnail\" alt=\"Dise\u00f1o Marbella\" decoding=\"async\" title=\"\"><\/a>\n\t\t\t<\/div><\/figure><figure class='gallery-item'>\n\t\t\t<div class='gallery-icon landscape'>\n\t\t\t\t<a data-elementor-open-lightbox=\"yes\" data-elementor-lightbox-slideshow=\"e143d58\" data-elementor-lightbox-title=\"Dekorieren Marbella\" data-e-action-hash=\"#elementor-action%3Aaction%3Dlightbox%26settings%3DeyJpZCI6MjczOCwidXJsIjoiaHR0cHM6XC9cL21hbGVyLW1hcmJlbGxhLmNvbVwvd3AtY29udGVudFwvdXBsb2Fkc1wvMjAyMFwvMDRcL2Rla29yaWVyZW4tbWFyYmVsbGEtMTIuanBnIiwic2xpZGVzaG93IjoiZTE0M2Q1OCJ9\" data-elementor-lightbox-description=\"Dekorieren Marbella\" href='https:\/\/maler-marbella.com\/wp-content\/uploads\/2020\/04\/dekorieren-marbella-12.jpg'><img loading=\"lazy\" width=\"150\" height=\"150\" src=\"https:\/\/maler-marbella.com\/wp-content\/uploads\/2020\/04\/dekorieren-marbella-12-150x150.jpg\" class=\"attachment-thumbnail size-thumbnail\" alt=\"\" decoding=\"async\" title=\"\"><\/a>\n\t\t\t<\/div><\/figure><figure class='gallery-item'>\n\t\t\t<div class='gallery-icon landscape'>\n\t\t\t\t<a data-elementor-open-lightbox=\"yes\" data-elementor-lightbox-slideshow=\"e143d58\" data-elementor-lightbox-title=\"Dekorieren Marbella\" data-e-action-hash=\"#elementor-action%3Aaction%3Dlightbox%26settings%3DeyJpZCI6MjczNiwidXJsIjoiaHR0cHM6XC9cL21hbGVyLW1hcmJlbGxhLmNvbVwvd3AtY29udGVudFwvdXBsb2Fkc1wvMjAyMFwvMDRcL2Rla29yaWVyZW4tbWFyYmVsbGEtMTEuanBnIiwic2xpZGVzaG93IjoiZTE0M2Q1OCJ9\" data-elementor-lightbox-description=\"Dekorieren Marbella\" href='https:\/\/maler-marbella.com\/wp-content\/uploads\/2020\/04\/dekorieren-marbella-11.jpg'><img loading=\"lazy\" width=\"150\" height=\"150\" src=\"https:\/\/maler-marbella.com\/wp-content\/uploads\/2020\/04\/dekorieren-marbella-11-150x150.jpg\" class=\"attachment-thumbnail size-thumbnail\" alt=\"\" decoding=\"async\" title=\"\"><\/a>\n\t\t\t<\/div><\/figure><figure class='gallery-item'>\n\t\t\t<div class='gallery-icon landscape'>\n\t\t\t\t<a data-elementor-open-lightbox=\"yes\" data-elementor-lightbox-slideshow=\"e143d58\" data-elementor-lightbox-title=\"Dekorieren Marbella\" data-e-action-hash=\"#elementor-action%3Aaction%3Dlightbox%26settings%3DeyJpZCI6MjcyNCwidXJsIjoiaHR0cHM6XC9cL21hbGVyLW1hcmJlbGxhLmNvbVwvd3AtY29udGVudFwvdXBsb2Fkc1wvMjAyMFwvMDRcL2Rla29yaWVyZW4tbWFyYmVsbGEtMDUuanBnIiwic2xpZGVzaG93IjoiZTE0M2Q1OCJ9\" data-elementor-lightbox-description=\"Dekorieren Marbella\" href='https:\/\/maler-marbella.com\/wp-content\/uploads\/2020\/04\/dekorieren-marbella-05.jpg'><img loading=\"lazy\" width=\"150\" height=\"150\" src=\"https:\/\/maler-marbella.com\/wp-content\/uploads\/2020\/04\/dekorieren-marbella-05-150x150.jpg\" class=\"attachment-thumbnail size-thumbnail\" alt=\"\" decoding=\"async\" title=\"\"><\/a>\n\t\t\t<\/div><\/figure><figure class='gallery-item'>\n\t\t\t<div class='gallery-icon portrait'>\n\t\t\t\t<a data-elementor-open-lightbox=\"yes\" data-elementor-lightbox-slideshow=\"e143d58\" data-elementor-lightbox-title=\"dekorierenDekorieren Marbella-marbella-09\" data-e-action-hash=\"#elementor-action%3Aaction%3Dlightbox%26settings%3DeyJpZCI6MjczMiwidXJsIjoiaHR0cHM6XC9cL21hbGVyLW1hcmJlbGxhLmNvbVwvd3AtY29udGVudFwvdXBsb2Fkc1wvMjAyMFwvMDRcL2Rla29yaWVyZW4tbWFyYmVsbGEtMDkuanBnIiwic2xpZGVzaG93IjoiZTE0M2Q1OCJ9\" data-elementor-lightbox-description=\"Dekorieren Marbella\" href='https:\/\/maler-marbella.com\/wp-content\/uploads\/2020\/04\/dekorieren-marbella-09.jpg'><img loading=\"lazy\" width=\"150\" height=\"150\" src=\"https:\/\/maler-marbella.com\/wp-content\/uploads\/2020\/04\/dekorieren-marbella-09-150x150.jpg\" class=\"attachment-thumbnail size-thumbnail\" alt=\"\" decoding=\"async\" title=\"\"><\/a>\n\t\t\t<\/div><\/figure>\n\t\t<\/div>\n\t\t<\/div>\n\t\t\t\t<\/div>\n\t\t\t\t<\/div>\n\t\t\t\t\t<\/div>\n\t\t<\/div>\n\t\t\t\t\t<\/div>\n\t\t<\/section>\n\t\t\t\t<\/div>\n\t\t","protected":false},"excerpt":{"rendered":"<p>Dise\u00f1o Nuestros servicios en dise\u00f1o decorativo \u00bfQu\u00e9 ser\u00eda una habitaci\u00f3n sin matices personales, sin una atm\u00f3sfera \u00fanica, sin expresi\u00f3n subjetiva? Un alojamiento l\u00fagubre. Pero un hogar &hellip;<\/p>\n<p class=\"read-more\"> <a class=\"\" href=\"https:\/\/maler-marbella.com\/es\/diseno\/\"> <span class=\"screen-reader-text\">Dise\u00f1o<\/span> Read More \u00bb<\/a><\/p>\n","protected":false},"author":1,"featured_media":2726,"parent":0,"menu_order":0,"comment_status":"closed","ping_status":"closed","template":"","meta":{"site-sidebar-layout":"no-sidebar","site-content-layout":"page-builder","ast-global-header-display":"","ast-main-header-display":"","ast-hfb-above-header-display":"","ast-hfb-below-header-display":"","ast-hfb-mobile-header-display":"","site-post-title":"disabled","ast-breadcrumbs-content":"","ast-featured-img":"disabled","footer-sml-layout":"","theme-transparent-header-meta":"enabled","adv-header-id-meta":"2139","stick-header-meta":"default","header-above-stick-meta":"","header-main-stick-meta":"","header-below-stick-meta":""},"_links":{"self":[{"href":"https:\/\/maler-marbella.com\/es\/wp-json\/wp\/v2\/pages\/2831"}],"collection":[{"href":"https:\/\/maler-marbella.com\/es\/wp-json\/wp\/v2\/pages"}],"about":[{"href":"https:\/\/maler-marbella.com\/es\/wp-json\/wp\/v2\/types\/page"}],"author":[{"embeddable":true,"href":"https:\/\/maler-marbella.com\/es\/wp-json\/wp\/v2\/users\/1"}],"replies":[{"embeddable":true,"href":"https:\/\/maler-marbella.com\/es\/wp-json\/wp\/v2\/comments?post=2831"}],"version-history":[{"count":2,"href":"https:\/\/maler-marbella.com\/es\/wp-json\/wp\/v2\/pages\/2831\/revisions"}],"predecessor-version":[{"id":3584,"href":"https:\/\/maler-marbella.com\/es\/wp-json\/wp\/v2\/pages\/2831\/revisions\/3584"}],"wp:featuredmedia":[{"embeddable":true,"href":"https:\/\/maler-marbella.com\/es\/wp-json\/wp\/v2\/media\/2726"}],"wp:attachment":[{"href":"https:\/\/maler-marbella.com\/es\/wp-json\/wp\/v2\/media?parent=2831"}],"curies":[{"name":"wp","href":"https:\/\/api.w.org\/{rel}","templated":true}]}}