{"id":2835,"date":"2020-03-31T16:54:48","date_gmt":"2020-03-31T14:54:48","guid":{"rendered":"http:\/\/maler-marbella.com\/renovieren\/"},"modified":"2026-02-05T16:49:54","modified_gmt":"2026-02-05T15:49:54","slug":"rehabilitaciones","status":"publish","type":"page","link":"https:\/\/maler-marbella.com\/es\/rehabilitaciones\/","title":{"rendered":"Renovar"},"content":{"rendered":"\t\t<div data-elementor-type=\"wp-post\" data-elementor-id=\"2835\" class=\"elementor elementor-2835 elementor-2327\" data-elementor-post-type=\"page\">\n\t\t\t\t\t\t<section class=\"elementor-section elementor-top-section elementor-element elementor-element-xlhuidg elementor-section-boxed elementor-section-height-default elementor-section-height-default\" data-id=\"xlhuidg\" data-element_type=\"section\" data-settings=\"{&quot;background_background&quot;:&quot;classic&quot;}\">\n\t\t\t\t\t\t\t<div class=\"elementor-background-overlay\"><\/div>\n\t\t\t\t\t\t\t<div class=\"elementor-container elementor-column-gap-default\">\n\t\t\t\t\t<div class=\"elementor-column elementor-col-100 elementor-top-column elementor-element elementor-element-rloageo\" data-id=\"rloageo\" data-element_type=\"column\">\n\t\t\t<div class=\"elementor-widget-wrap elementor-element-populated\">\n\t\t\t\t\t\t<div class=\"elementor-element elementor-element-tmrbwch elementor-widget elementor-widget-spacer\" data-id=\"tmrbwch\" data-element_type=\"widget\" data-widget_type=\"spacer.default\">\n\t\t\t\t<div class=\"elementor-widget-container\">\n\t\t\t\t\t<div class=\"elementor-spacer\">\n\t\t\t<div class=\"elementor-spacer-inner\"><\/div>\n\t\t<\/div>\n\t\t\t\t<\/div>\n\t\t\t\t<\/div>\n\t\t\t\t<div class=\"elementor-element elementor-element-sgacmzy elementor-invisible elementor-widget elementor-widget-heading\" data-id=\"sgacmzy\" data-element_type=\"widget\" data-settings=\"{&quot;_animation&quot;:&quot;slideInDown&quot;}\" data-widget_type=\"heading.default\">\n\t\t\t\t<div class=\"elementor-widget-container\">\n\t\t\t<h1 class=\"elementor-heading-title elementor-size-default\">Rehabilitaciones<\/h1>\t\t<\/div>\n\t\t\t\t<\/div>\n\t\t\t\t<div class=\"elementor-element elementor-element-rsbvham elementor-widget elementor-widget-spacer\" data-id=\"rsbvham\" data-element_type=\"widget\" data-widget_type=\"spacer.default\">\n\t\t\t\t<div class=\"elementor-widget-container\">\n\t\t\t\t\t<div class=\"elementor-spacer\">\n\t\t\t<div class=\"elementor-spacer-inner\"><\/div>\n\t\t<\/div>\n\t\t\t\t<\/div>\n\t\t\t\t<\/div>\n\t\t\t\t\t<\/div>\n\t\t<\/div>\n\t\t\t\t\t<\/div>\n\t\t<\/section>\n\t\t\t\t<section class=\"elementor-section elementor-top-section elementor-element elementor-element-0ce2064 elementor-section-boxed elementor-section-height-default elementor-section-height-default\" data-id=\"0ce2064\" data-element_type=\"section\">\n\t\t\t\t\t\t<div class=\"elementor-container elementor-column-gap-default\">\n\t\t\t\t\t<div class=\"elementor-column elementor-col-100 elementor-top-column elementor-element elementor-element-5b099c1\" data-id=\"5b099c1\" data-element_type=\"column\">\n\t\t\t<div class=\"elementor-widget-wrap elementor-element-populated\">\n\t\t\t\t\t\t<div class=\"elementor-element elementor-element-a63a5d5 elementor-widget elementor-widget-text-editor\" data-id=\"a63a5d5\" data-element_type=\"widget\" data-widget_type=\"text-editor.default\">\n\t\t\t\t<div class=\"elementor-widget-container\">\n\t\t\t\t\t\t\t<h2><strong>Nuestros servicios en la reurbanizaci\u00f3n y renovaci\u00f3n<\/strong><\/h2><p>P\u00f3ngase en la posici\u00f3n de su casa: cada d\u00eda est\u00e1 expuesta a las condiciones clim\u00e1ticas del tiempo: el sol, la tormenta, el viento y la lluvia dejan sus marcas. Nosotros, como seres humanos, podemos protegernos de esto&#8230; su casa no puede. Y seamos honestos, \u00bfno son casi todas las personas cuidadosas con su apariencia? Queremos ser limpios y hermosos, porque nuestra apariencia es nuestra tarjeta de visita. Nuestros productos para el cuidado de la \u00abpiel\u00bb de su fachada son los colores de calidad con los que trabajamos.<\/p><p>Productos de marca alemana de alta calidad que dar\u00e1n a su casa un nuevo brillo y una nueva vida a largo plazo. Mire de cerca la fachada de su casa y ver\u00e1 que tambi\u00e9n debe recibir un tratamiento \u00abcosm\u00e9tico\u00bb. Estaremos a su lado con consejos y acciones. Con nuestro eslogan \u00abRefrescantemente diferente &#8211; \u00a1Coloreen su casa!\u00bb le daremos a su casa una nueva cara. Nuestras especialidades son los revestimientos de fachadas, el refuerzo parcial de fachadas contra las grietas y el dise\u00f1o de alta calidad de sus muros, por ejemplo, t\u00e9cnicas exclusivas de relleno, nuevos papeles pintados, as\u00ed como colores brillantes y de primera clase para experiencias de habitaci\u00f3n fant\u00e1sticas.<\/p>\t\t\t\t\t\t<\/div>\n\t\t\t\t<\/div>\n\t\t\t\t<section class=\"elementor-section elementor-inner-section elementor-element elementor-element-85a401d elementor-section-boxed elementor-section-height-default elementor-section-height-default\" data-id=\"85a401d\" data-element_type=\"section\">\n\t\t\t\t\t\t<div class=\"elementor-container elementor-column-gap-default\">\n\t\t\t\t\t<div class=\"elementor-column elementor-col-50 elementor-inner-column elementor-element elementor-element-5764893\" data-id=\"5764893\" data-element_type=\"column\">\n\t\t\t<div class=\"elementor-widget-wrap elementor-element-populated\">\n\t\t\t\t\t\t<div class=\"elementor-element elementor-element-b0578fa uael-ba-label-hover uael-ba-halign-flex-start elementor-widget elementor-widget-uael-ba-slider\" data-id=\"b0578fa\" data-element_type=\"widget\" data-widget_type=\"uael-ba-slider.default\">\n\t\t\t\t<div class=\"elementor-widget-container\">\n\t\t\t\t\t<div class=\"uael-before-after-slider\">\n\t\t\t<div class=\"uael-ba-container\" data-move-on-hover=\"no\" data-orientation=\"horizontal\" data-offset=\"0.5\">\n\t\t\t\t<img decoding=\"async\" class=\"uael-before-img\" style=\"position: absolute;\" src=\"https:\/\/maler-marbella.com\/wp-content\/uploads\/2020\/04\/renovieren-marbella-1-1024x576.jpg\" alt=\"Vor\" title=\"\">\n\t\t\t\t<img decoding=\"async\" class=\"uael-after-img\" src=\"https:\/\/maler-marbella.com\/wp-content\/uploads\/2020\/04\/renovieren-marbella-2-1024x576.jpg\" alt=\"Nach\" title=\"\">\n\t\t\t<\/div>\n\t\t<\/div>\n\t\t\t\t<\/div>\n\t\t\t\t<\/div>\n\t\t\t\t\t<\/div>\n\t\t<\/div>\n\t\t\t\t<div class=\"elementor-column elementor-col-50 elementor-inner-column elementor-element elementor-element-a09166e\" data-id=\"a09166e\" data-element_type=\"column\">\n\t\t\t<div class=\"elementor-widget-wrap elementor-element-populated\">\n\t\t\t\t\t\t<div class=\"elementor-element elementor-element-5b8d0e5 uael-ba-label-hover uael-ba-halign-flex-start elementor-widget elementor-widget-uael-ba-slider\" data-id=\"5b8d0e5\" data-element_type=\"widget\" data-widget_type=\"uael-ba-slider.default\">\n\t\t\t\t<div class=\"elementor-widget-container\">\n\t\t\t\t\t<div class=\"uael-before-after-slider\">\n\t\t\t<div class=\"uael-ba-container\" data-move-on-hover=\"no\" data-orientation=\"horizontal\" data-offset=\"0.5\">\n\t\t\t\t<img decoding=\"async\" class=\"uael-before-img\" style=\"position: absolute;\" src=\"https:\/\/maler-marbella.com\/wp-content\/uploads\/2020\/04\/renovieren-marbella-3-1024x576.jpg\" alt=\"Vor\" title=\"\">\n\t\t\t\t<img decoding=\"async\" class=\"uael-after-img\" src=\"https:\/\/maler-marbella.com\/wp-content\/uploads\/2020\/04\/renovieren-marbella-4-1024x576.jpg\" alt=\"Nach\" title=\"\">\n\t\t\t<\/div>\n\t\t<\/div>\n\t\t\t\t<\/div>\n\t\t\t\t<\/div>\n\t\t\t\t\t<\/div>\n\t\t<\/div>\n\t\t\t\t\t<\/div>\n\t\t<\/section>\n\t\t\t\t<div class=\"elementor-element elementor-element-e143d58 elementor-widget elementor-widget-image-gallery\" data-id=\"e143d58\" data-element_type=\"widget\" data-widget_type=\"image-gallery.default\">\n\t\t\t\t<div class=\"elementor-widget-container\">\n\t\t\t\t\t<div class=\"elementor-image-gallery\">\n\t\t\t<div id='gallery-1' class='gallery galleryid-2835 gallery-columns-4 gallery-size-thumbnail'><figure class='gallery-item'>\n\t\t\t<div class='gallery-icon landscape'>\n\t\t\t\t<a data-elementor-open-lightbox=\"yes\" data-elementor-lightbox-slideshow=\"e143d58\" data-elementor-lightbox-title=\"Renovieren Marbella\" data-e-action-hash=\"#elementor-action%3Aaction%3Dlightbox%26settings%3DeyJpZCI6Mjc1MCwidXJsIjoiaHR0cHM6XC9cL21hbGVyLW1hcmJlbGxhLmNvbVwvd3AtY29udGVudFwvdXBsb2Fkc1wvMjAyMFwvMDRcL3Jlbm92aWVyZW4tbWFyYmVsbGEtNi5qcGciLCJzbGlkZXNob3ciOiJlMTQzZDU4In0%3D\" href='https:\/\/maler-marbella.com\/wp-content\/uploads\/2020\/04\/renovieren-marbella-6.jpg'><img width=\"150\" height=\"150\" src=\"https:\/\/maler-marbella.com\/wp-content\/uploads\/2020\/04\/renovieren-marbella-6-150x150.jpg\" class=\"attachment-thumbnail size-thumbnail\" alt=\"\" decoding=\"async\" title=\"\"><\/a>\n\t\t\t<\/div><\/figure><figure class='gallery-item'>\n\t\t\t<div class='gallery-icon landscape'>\n\t\t\t\t<a data-elementor-open-lightbox=\"yes\" data-elementor-lightbox-slideshow=\"e143d58\" data-elementor-lightbox-title=\"Renovieren Marbella\" data-e-action-hash=\"#elementor-action%3Aaction%3Dlightbox%26settings%3DeyJpZCI6Mjc2NiwidXJsIjoiaHR0cHM6XC9cL21hbGVyLW1hcmJlbGxhLmNvbVwvd3AtY29udGVudFwvdXBsb2Fkc1wvMjAyMFwvMDRcL3Jlbm92aWVyZW4tbWFyYmVsbGEtMTQuanBnIiwic2xpZGVzaG93IjoiZTE0M2Q1OCJ9\" href='https:\/\/maler-marbella.com\/wp-content\/uploads\/2020\/04\/renovieren-marbella-14.jpg'><img width=\"150\" height=\"150\" src=\"https:\/\/maler-marbella.com\/wp-content\/uploads\/2020\/04\/renovieren-marbella-14-150x150.jpg\" class=\"attachment-thumbnail size-thumbnail\" alt=\"\" decoding=\"async\" title=\"\"><\/a>\n\t\t\t<\/div><\/figure><figure class='gallery-item'>\n\t\t\t<div class='gallery-icon landscape'>\n\t\t\t\t<a data-elementor-open-lightbox=\"yes\" data-elementor-lightbox-slideshow=\"e143d58\" data-elementor-lightbox-title=\"rehabilitaciones-marbella-2022 (2)\" data-e-action-hash=\"#elementor-action%3Aaction%3Dlightbox%26settings%3DeyJpZCI6MzI3MSwidXJsIjoiaHR0cHM6XC9cL21hbGVyLW1hcmJlbGxhLmNvbVwvd3AtY29udGVudFwvdXBsb2Fkc1wvMjAyMlwvMDZcL3JlaGFiaWxpdGFjaW9uZXMtbWFyYmVsbGEtMjAyMi0yLmpwZyIsInNsaWRlc2hvdyI6ImUxNDNkNTgifQ%3D%3D\" href='https:\/\/maler-marbella.com\/wp-content\/uploads\/2022\/06\/rehabilitaciones-marbella-2022-2.jpg'><img width=\"150\" height=\"150\" src=\"https:\/\/maler-marbella.com\/wp-content\/uploads\/2022\/06\/rehabilitaciones-marbella-2022-2-150x150.jpg\" class=\"attachment-thumbnail size-thumbnail\" alt=\"Rehabilitaciones Marbella\" decoding=\"async\" srcset=\"https:\/\/maler-marbella.com\/wp-content\/uploads\/2022\/06\/rehabilitaciones-marbella-2022-2-150x150.jpg 150w, https:\/\/maler-marbella.com\/wp-content\/uploads\/2022\/06\/rehabilitaciones-marbella-2022-2-300x300.jpg 300w, https:\/\/maler-marbella.com\/wp-content\/uploads\/2022\/06\/rehabilitaciones-marbella-2022-2-1024x1024.jpg 1024w, https:\/\/maler-marbella.com\/wp-content\/uploads\/2022\/06\/rehabilitaciones-marbella-2022-2-768x768.jpg 768w, https:\/\/maler-marbella.com\/wp-content\/uploads\/2022\/06\/rehabilitaciones-marbella-2022-2.jpg 1080w\" sizes=\"(max-width: 150px) 100vw, 150px\" title=\"\"><\/a>\n\t\t\t<\/div><\/figure><figure class='gallery-item'>\n\t\t\t<div class='gallery-icon landscape'>\n\t\t\t\t<a data-elementor-open-lightbox=\"yes\" data-elementor-lightbox-slideshow=\"e143d58\" data-elementor-lightbox-title=\"rehabilitaciones-marbella-2022 (4)\" data-e-action-hash=\"#elementor-action%3Aaction%3Dlightbox%26settings%3DeyJpZCI6MzI3NywidXJsIjoiaHR0cHM6XC9cL21hbGVyLW1hcmJlbGxhLmNvbVwvd3AtY29udGVudFwvdXBsb2Fkc1wvMjAyMlwvMDZcL3JlaGFiaWxpdGFjaW9uZXMtbWFyYmVsbGEtMjAyMi00LmpwZyIsInNsaWRlc2hvdyI6ImUxNDNkNTgifQ%3D%3D\" href='https:\/\/maler-marbella.com\/wp-content\/uploads\/2022\/06\/rehabilitaciones-marbella-2022-4.jpg'><img loading=\"lazy\" width=\"150\" height=\"150\" src=\"https:\/\/maler-marbella.com\/wp-content\/uploads\/2022\/06\/rehabilitaciones-marbella-2022-4-150x150.jpg\" class=\"attachment-thumbnail size-thumbnail\" alt=\"Rehabilitaciones Marbella\" decoding=\"async\" srcset=\"https:\/\/maler-marbella.com\/wp-content\/uploads\/2022\/06\/rehabilitaciones-marbella-2022-4-150x150.jpg 150w, https:\/\/maler-marbella.com\/wp-content\/uploads\/2022\/06\/rehabilitaciones-marbella-2022-4-300x300.jpg 300w, https:\/\/maler-marbella.com\/wp-content\/uploads\/2022\/06\/rehabilitaciones-marbella-2022-4.jpg 526w\" sizes=\"(max-width: 150px) 100vw, 150px\" title=\"\"><\/a>\n\t\t\t<\/div><\/figure><figure class='gallery-item'>\n\t\t\t<div class='gallery-icon landscape'>\n\t\t\t\t<a data-elementor-open-lightbox=\"yes\" data-elementor-lightbox-slideshow=\"e143d58\" data-elementor-lightbox-title=\"Renovieren Marbella\" data-e-action-hash=\"#elementor-action%3Aaction%3Dlightbox%26settings%3DeyJpZCI6Mjc0OCwidXJsIjoiaHR0cHM6XC9cL21hbGVyLW1hcmJlbGxhLmNvbVwvd3AtY29udGVudFwvdXBsb2Fkc1wvMjAyMFwvMDRcL3Jlbm92aWVyZW4tbWFyYmVsbGEtNS5qcGciLCJzbGlkZXNob3ciOiJlMTQzZDU4In0%3D\" href='https:\/\/maler-marbella.com\/wp-content\/uploads\/2020\/04\/renovieren-marbella-5.jpg'><img loading=\"lazy\" width=\"150\" height=\"150\" src=\"https:\/\/maler-marbella.com\/wp-content\/uploads\/2020\/04\/renovieren-marbella-5-150x150.jpg\" class=\"attachment-thumbnail size-thumbnail\" alt=\"\" decoding=\"async\" title=\"\"><\/a>\n\t\t\t<\/div><\/figure><figure class='gallery-item'>\n\t\t\t<div class='gallery-icon portrait'>\n\t\t\t\t<a data-elementor-open-lightbox=\"yes\" data-elementor-lightbox-slideshow=\"e143d58\" data-elementor-lightbox-title=\"Renovieren Marbella\" data-e-action-hash=\"#elementor-action%3Aaction%3Dlightbox%26settings%3DeyJpZCI6Mjc2MCwidXJsIjoiaHR0cHM6XC9cL21hbGVyLW1hcmJlbGxhLmNvbVwvd3AtY29udGVudFwvdXBsb2Fkc1wvMjAyMFwvMDRcL3Jlbm92aWVyZW4tbWFyYmVsbGEtMTEuanBnIiwic2xpZGVzaG93IjoiZTE0M2Q1OCJ9\" href='https:\/\/maler-marbella.com\/wp-content\/uploads\/2020\/04\/renovieren-marbella-11.jpg'><img loading=\"lazy\" width=\"150\" height=\"150\" src=\"https:\/\/maler-marbella.com\/wp-content\/uploads\/2020\/04\/renovieren-marbella-11-150x150.jpg\" class=\"attachment-thumbnail size-thumbnail\" alt=\"\" decoding=\"async\" title=\"\"><\/a>\n\t\t\t<\/div><\/figure><figure class='gallery-item'>\n\t\t\t<div class='gallery-icon portrait'>\n\t\t\t\t<a data-elementor-open-lightbox=\"yes\" data-elementor-lightbox-slideshow=\"e143d58\" data-elementor-lightbox-title=\"Renovieren Marbella\" data-e-action-hash=\"#elementor-action%3Aaction%3Dlightbox%26settings%3DeyJpZCI6Mjc1OCwidXJsIjoiaHR0cHM6XC9cL21hbGVyLW1hcmJlbGxhLmNvbVwvd3AtY29udGVudFwvdXBsb2Fkc1wvMjAyMFwvMDRcL3Jlbm92aWVyZW4tbWFyYmVsbGEtMTAuanBnIiwic2xpZGVzaG93IjoiZTE0M2Q1OCJ9\" href='https:\/\/maler-marbella.com\/wp-content\/uploads\/2020\/04\/renovieren-marbella-10.jpg'><img loading=\"lazy\" width=\"150\" height=\"150\" src=\"https:\/\/maler-marbella.com\/wp-content\/uploads\/2020\/04\/renovieren-marbella-10-150x150.jpg\" class=\"attachment-thumbnail size-thumbnail\" alt=\"\" decoding=\"async\" title=\"\"><\/a>\n\t\t\t<\/div><\/figure><figure class='gallery-item'>\n\t\t\t<div class='gallery-icon landscape'>\n\t\t\t\t<a data-elementor-open-lightbox=\"yes\" data-elementor-lightbox-slideshow=\"e143d58\" data-elementor-lightbox-title=\"Renovieren Marbella\" data-e-action-hash=\"#elementor-action%3Aaction%3Dlightbox%26settings%3DeyJpZCI6Mjc1NCwidXJsIjoiaHR0cHM6XC9cL21hbGVyLW1hcmJlbGxhLmNvbVwvd3AtY29udGVudFwvdXBsb2Fkc1wvMjAyMFwvMDRcL3Jlbm92aWVyZW4tbWFyYmVsbGEtOC5qcGciLCJzbGlkZXNob3ciOiJlMTQzZDU4In0%3D\" href='https:\/\/maler-marbella.com\/wp-content\/uploads\/2020\/04\/renovieren-marbella-8.jpg'><img loading=\"lazy\" width=\"150\" height=\"150\" src=\"https:\/\/maler-marbella.com\/wp-content\/uploads\/2020\/04\/renovieren-marbella-8-150x150.jpg\" class=\"attachment-thumbnail size-thumbnail\" alt=\"Renovieren in Marbella mit Maler und Lackierer Heiko Labahn\" decoding=\"async\" title=\"\"><\/a>\n\t\t\t<\/div><\/figure><figure class='gallery-item'>\n\t\t\t<div class='gallery-icon portrait'>\n\t\t\t\t<a data-elementor-open-lightbox=\"yes\" data-elementor-lightbox-slideshow=\"e143d58\" data-elementor-lightbox-title=\"Renovieren Marbella\" data-e-action-hash=\"#elementor-action%3Aaction%3Dlightbox%26settings%3DeyJpZCI6Mjc1NiwidXJsIjoiaHR0cHM6XC9cL21hbGVyLW1hcmJlbGxhLmNvbVwvd3AtY29udGVudFwvdXBsb2Fkc1wvMjAyMFwvMDRcL3Jlbm92aWVyZW4tbWFyYmVsbGEtOS5qcGciLCJzbGlkZXNob3ciOiJlMTQzZDU4In0%3D\" href='https:\/\/maler-marbella.com\/wp-content\/uploads\/2020\/04\/renovieren-marbella-9.jpg'><img loading=\"lazy\" width=\"150\" height=\"150\" src=\"https:\/\/maler-marbella.com\/wp-content\/uploads\/2020\/04\/renovieren-marbella-9-150x150.jpg\" class=\"attachment-thumbnail size-thumbnail\" alt=\"\" decoding=\"async\" title=\"\"><\/a>\n\t\t\t<\/div><\/figure><figure class='gallery-item'>\n\t\t\t<div class='gallery-icon landscape'>\n\t\t\t\t<a data-elementor-open-lightbox=\"yes\" data-elementor-lightbox-slideshow=\"e143d58\" data-elementor-lightbox-title=\"Renovieren Marbella\" data-e-action-hash=\"#elementor-action%3Aaction%3Dlightbox%26settings%3DeyJpZCI6Mjc1MiwidXJsIjoiaHR0cHM6XC9cL21hbGVyLW1hcmJlbGxhLmNvbVwvd3AtY29udGVudFwvdXBsb2Fkc1wvMjAyMFwvMDRcL3Jlbm92aWVyZW4tbWFyYmVsbGEtNy5qcGciLCJzbGlkZXNob3ciOiJlMTQzZDU4In0%3D\" href='https:\/\/maler-marbella.com\/wp-content\/uploads\/2020\/04\/renovieren-marbella-7.jpg'><img loading=\"lazy\" width=\"150\" height=\"150\" src=\"https:\/\/maler-marbella.com\/wp-content\/uploads\/2020\/04\/renovieren-marbella-7-150x150.jpg\" class=\"attachment-thumbnail size-thumbnail\" alt=\"\" decoding=\"async\" title=\"\"><\/a>\n\t\t\t<\/div><\/figure><figure class='gallery-item'>\n\t\t\t<div class='gallery-icon portrait'>\n\t\t\t\t<a data-elementor-open-lightbox=\"yes\" data-elementor-lightbox-slideshow=\"e143d58\" data-elementor-lightbox-title=\"Renovieren Marbella\" data-e-action-hash=\"#elementor-action%3Aaction%3Dlightbox%26settings%3DeyJpZCI6Mjc2OCwidXJsIjoiaHR0cHM6XC9cL21hbGVyLW1hcmJlbGxhLmNvbVwvd3AtY29udGVudFwvdXBsb2Fkc1wvMjAyMFwvMDRcL3Jlbm92aWVyZW4tbWFyYmVsbGEtMTUuanBnIiwic2xpZGVzaG93IjoiZTE0M2Q1OCJ9\" href='https:\/\/maler-marbella.com\/wp-content\/uploads\/2020\/04\/renovieren-marbella-15.jpg'><img loading=\"lazy\" width=\"150\" height=\"150\" src=\"https:\/\/maler-marbella.com\/wp-content\/uploads\/2020\/04\/renovieren-marbella-15-150x150.jpg\" class=\"attachment-thumbnail size-thumbnail\" alt=\"\" decoding=\"async\" title=\"\"><\/a>\n\t\t\t<\/div><\/figure><figure class='gallery-item'>\n\t\t\t<div class='gallery-icon landscape'>\n\t\t\t\t<a data-elementor-open-lightbox=\"yes\" data-elementor-lightbox-slideshow=\"e143d58\" data-elementor-lightbox-title=\"Renovieren Marbella\" data-e-action-hash=\"#elementor-action%3Aaction%3Dlightbox%26settings%3DeyJpZCI6Mjc2NCwidXJsIjoiaHR0cHM6XC9cL21hbGVyLW1hcmJlbGxhLmNvbVwvd3AtY29udGVudFwvdXBsb2Fkc1wvMjAyMFwvMDRcL3Jlbm92aWVyZW4tbWFyYmVsbGEtMTMuanBnIiwic2xpZGVzaG93IjoiZTE0M2Q1OCJ9\" href='https:\/\/maler-marbella.com\/wp-content\/uploads\/2020\/04\/renovieren-marbella-13.jpg'><img loading=\"lazy\" width=\"150\" height=\"150\" src=\"https:\/\/maler-marbella.com\/wp-content\/uploads\/2020\/04\/renovieren-marbella-13-150x150.jpg\" class=\"attachment-thumbnail size-thumbnail\" alt=\"\" decoding=\"async\" title=\"\"><\/a>\n\t\t\t<\/div><\/figure><figure class='gallery-item'>\n\t\t\t<div class='gallery-icon landscape'>\n\t\t\t\t<a data-elementor-open-lightbox=\"yes\" data-elementor-lightbox-slideshow=\"e143d58\" data-elementor-lightbox-title=\"Renovieren Marbella\" data-e-action-hash=\"#elementor-action%3Aaction%3Dlightbox%26settings%3DeyJpZCI6Mjc2MiwidXJsIjoiaHR0cHM6XC9cL21hbGVyLW1hcmJlbGxhLmNvbVwvd3AtY29udGVudFwvdXBsb2Fkc1wvMjAyMFwvMDRcL3Jlbm92aWVyZW4tbWFyYmVsbGEtMTIuanBnIiwic2xpZGVzaG93IjoiZTE0M2Q1OCJ9\" href='https:\/\/maler-marbella.com\/wp-content\/uploads\/2020\/04\/renovieren-marbella-12.jpg'><img loading=\"lazy\" width=\"150\" height=\"150\" src=\"https:\/\/maler-marbella.com\/wp-content\/uploads\/2020\/04\/renovieren-marbella-12-150x150.jpg\" class=\"attachment-thumbnail size-thumbnail\" alt=\"\" decoding=\"async\" title=\"\"><\/a>\n\t\t\t<\/div><\/figure><figure class='gallery-item'>\n\t\t\t<div class='gallery-icon portrait'>\n\t\t\t\t<a data-elementor-open-lightbox=\"yes\" data-elementor-lightbox-slideshow=\"e143d58\" data-elementor-lightbox-title=\"rehabilitaciones-marbella-2022 (3)\" data-e-action-hash=\"#elementor-action%3Aaction%3Dlightbox%26settings%3DeyJpZCI6MzI3NCwidXJsIjoiaHR0cHM6XC9cL21hbGVyLW1hcmJlbGxhLmNvbVwvd3AtY29udGVudFwvdXBsb2Fkc1wvMjAyMlwvMDZcL3JlaGFiaWxpdGFjaW9uZXMtbWFyYmVsbGEtMjAyMi0zLmpwZyIsInNsaWRlc2hvdyI6ImUxNDNkNTgifQ%3D%3D\" href='https:\/\/maler-marbella.com\/wp-content\/uploads\/2022\/06\/rehabilitaciones-marbella-2022-3.jpg'><img loading=\"lazy\" width=\"150\" height=\"150\" src=\"https:\/\/maler-marbella.com\/wp-content\/uploads\/2022\/06\/rehabilitaciones-marbella-2022-3-150x150.jpg\" class=\"attachment-thumbnail size-thumbnail\" alt=\"Rehabilitaciones Marbella\" decoding=\"async\" title=\"\"><\/a>\n\t\t\t<\/div><\/figure><figure class='gallery-item'>\n\t\t\t<div class='gallery-icon portrait'>\n\t\t\t\t<a data-elementor-open-lightbox=\"yes\" data-elementor-lightbox-slideshow=\"e143d58\" data-elementor-lightbox-title=\"Renovieren Marbella\" data-e-action-hash=\"#elementor-action%3Aaction%3Dlightbox%26settings%3DeyJpZCI6Mjc3MCwidXJsIjoiaHR0cHM6XC9cL21hbGVyLW1hcmJlbGxhLmNvbVwvd3AtY29udGVudFwvdXBsb2Fkc1wvMjAyMFwvMDRcL3Jlbm92aWVyZW4tbWFyYmVsbGEtMTYuanBnIiwic2xpZGVzaG93IjoiZTE0M2Q1OCJ9\" href='https:\/\/maler-marbella.com\/wp-content\/uploads\/2020\/04\/renovieren-marbella-16.jpg'><img loading=\"lazy\" width=\"150\" height=\"150\" src=\"https:\/\/maler-marbella.com\/wp-content\/uploads\/2020\/04\/renovieren-marbella-16-150x150.jpg\" class=\"attachment-thumbnail size-thumbnail\" alt=\"\" decoding=\"async\" title=\"\"><\/a>\n\t\t\t<\/div><\/figure><figure class='gallery-item'>\n\t\t\t<div class='gallery-icon landscape'>\n\t\t\t\t<a data-elementor-open-lightbox=\"yes\" data-elementor-lightbox-slideshow=\"e143d58\" data-elementor-lightbox-title=\"rehabilitaciones-marbella-2022\" data-e-action-hash=\"#elementor-action%3Aaction%3Dlightbox%26settings%3DeyJpZCI6MzMwNCwidXJsIjoiaHR0cHM6XC9cL21hbGVyLW1hcmJlbGxhLmNvbVwvd3AtY29udGVudFwvdXBsb2Fkc1wvMjAyMlwvMDZcL3JlaGFiaWxpdGFjaW9uZXMtbWFyYmVsbGEtMjAyMi5wbmciLCJzbGlkZXNob3ciOiJlMTQzZDU4In0%3D\" href='https:\/\/maler-marbella.com\/wp-content\/uploads\/2022\/06\/rehabilitaciones-marbella-2022.png'><img loading=\"lazy\" width=\"150\" height=\"150\" src=\"https:\/\/maler-marbella.com\/wp-content\/uploads\/2022\/06\/rehabilitaciones-marbella-2022-150x150.png\" class=\"attachment-thumbnail size-thumbnail\" alt=\"Rehabilitaciones Marbella 2022\" decoding=\"async\" srcset=\"https:\/\/maler-marbella.com\/wp-content\/uploads\/2022\/06\/rehabilitaciones-marbella-2022-150x150.png 150w, https:\/\/maler-marbella.com\/wp-content\/uploads\/2022\/06\/rehabilitaciones-marbella-2022-300x300.png 300w, https:\/\/maler-marbella.com\/wp-content\/uploads\/2022\/06\/rehabilitaciones-marbella-2022.png 600w\" sizes=\"(max-width: 150px) 100vw, 150px\" title=\"\"><\/a>\n\t\t\t<\/div><\/figure>\n\t\t<\/div>\n\t\t<\/div>\n\t\t\t\t<\/div>\n\t\t\t\t<\/div>\n\t\t\t\t\t<\/div>\n\t\t<\/div>\n\t\t\t\t\t<\/div>\n\t\t<\/section>\n\t\t\t\t<\/div>\n\t\t","protected":false},"excerpt":{"rendered":"<p>Rehabilitaciones Nuestros servicios en la reurbanizaci\u00f3n y renovaci\u00f3n P\u00f3ngase en la posici\u00f3n de su casa: cada d\u00eda est\u00e1 expuesta a las condiciones clim\u00e1ticas del tiempo: el &hellip;<\/p>\n<p class=\"read-more\"> <a class=\"\" href=\"https:\/\/maler-marbella.com\/es\/rehabilitaciones\/\"> <span class=\"screen-reader-text\">Renovar<\/span> Read More \u00bb<\/a><\/p>\n","protected":false},"author":1,"featured_media":2762,"parent":0,"menu_order":0,"comment_status":"closed","ping_status":"closed","template":"","meta":{"site-sidebar-layout":"no-sidebar","site-content-layout":"page-builder","ast-global-header-display":"","ast-main-header-display":"","ast-hfb-above-header-display":"","ast-hfb-below-header-display":"","ast-hfb-mobile-header-display":"","site-post-title":"disabled","ast-breadcrumbs-content":"","ast-featured-img":"disabled","footer-sml-layout":"","theme-transparent-header-meta":"enabled","adv-header-id-meta":"2139","stick-header-meta":"default","header-above-stick-meta":"","header-main-stick-meta":"","header-below-stick-meta":""},"_links":{"self":[{"href":"https:\/\/maler-marbella.com\/es\/wp-json\/wp\/v2\/pages\/2835"}],"collection":[{"href":"https:\/\/maler-marbella.com\/es\/wp-json\/wp\/v2\/pages"}],"about":[{"href":"https:\/\/maler-marbella.com\/es\/wp-json\/wp\/v2\/types\/page"}],"author":[{"embeddable":true,"href":"https:\/\/maler-marbella.com\/es\/wp-json\/wp\/v2\/users\/1"}],"replies":[{"embeddable":true,"href":"https:\/\/maler-marbella.com\/es\/wp-json\/wp\/v2\/comments?post=2835"}],"version-history":[{"count":2,"href":"https:\/\/maler-marbella.com\/es\/wp-json\/wp\/v2\/pages\/2835\/revisions"}],"predecessor-version":[{"id":3593,"href":"https:\/\/maler-marbella.com\/es\/wp-json\/wp\/v2\/pages\/2835\/revisions\/3593"}],"wp:featuredmedia":[{"embeddable":true,"href":"https:\/\/maler-marbella.com\/es\/wp-json\/wp\/v2\/media\/2762"}],"wp:attachment":[{"href":"https:\/\/maler-marbella.com\/es\/wp-json\/wp\/v2\/media?parent=2835"}],"curies":[{"name":"wp","href":"https:\/\/api.w.org\/{rel}","templated":true}]}}